{"id":18,"date":"2019-08-26T13:05:08","date_gmt":"2019-08-26T13:05:08","guid":{"rendered":"https:\/\/steelband.ch\/wordpress\/?page_id=18"},"modified":"2026-08-30T15:38:45","modified_gmt":"2026-08-30T15:38:45","slug":"konzerte-europa","status":"publish","type":"page","link":"https:\/\/www.steelband.ch\/?page_id=18","title":{"rendered":"Steelbandkonzerte Schweiz"},"content":{"rendered":"<p><strong><span style=\"font-size: 12pt; color: #800080;\"><span style=\"font-family: 'times new roman', times, serif; font-size: 14pt;\">Aktualisiert am 30. August 2026<\/span><\/span><\/strong><\/p>\n<p><span style=\"font-size: 12pt;\"><span style=\"font-family: 'times new roman', times, serif;\"><span style=\"color: #800080;\"><strong>Samstag 05. September 2026<\/strong><\/span><br \/>\n15:00 Uhr &#8211; <strong>OUTTA D`BLUES<\/strong> &#8211; am SocaFestival, Industriestrasse 45, 6300 Zug. Eintritt Kollekte, Anschliessend Party und Konzerte im Innenbereich des Kulturhauses.<br \/>\nTickets und Info: <span style=\"color: #333399;\"><a style=\"color: #333399;\" href=\"http:\/\/www.soca-festival.ch\">www.soca-festival.ch<\/a><\/span><br \/>\n<\/span><span style=\"color: #800080; font-family: 'times new roman', times, serif;\"><strong>Sonntag 06. September 2026<br \/>\n<\/strong><span style=\"font-size: 12pt; color: #000000;\">15:00-16:00 Uhr &#8211; <strong>ABRACADABRA<\/strong> &#8211; am Chilbim\u00e4rt in 8124 Maur\/ZH.<br \/>\n<span style=\"color: #800080;\"><strong>Sonntag 13. September 2026<\/strong><\/span><br \/>\n13:00-1:30 Uhr \u2013 <strong>EXTEMPO<\/strong>, Stadtlauf St. Gallen, beim Multertor.<br \/>\n<\/span><strong>Samstag 19. September 2026<br \/>\n<\/strong><span style=\"color: #000000;\">10:00-12:00 Uh<\/span><strong><span style=\"color: #000000;\">r &#8211; BARREL DRUMMERS &#8211;<\/span><\/strong><span style=\"color: #000000;\"> am Greifenseelauf, Dorfstr. 19, 8606\u00a0 Greifensee\/ZH.<br \/>\n<\/span><\/span><\/span><span style=\"color: #800080;\"><strong><span style=\"font-family: times new roman, times, serif; font-size: 12pt;\">Sonntag 20. September 2026<\/span><\/strong><\/span><br \/>\n<span style=\"font-family: times new roman, times, serif; font-size: 12pt;\">13.00-16.00 Uhr &#8211;\u00a0<b>ABRACADABRA <\/b>&#8211; Open Air Konzert in der offenen Scheune auf Schloss Wellenberg in 8552 Felben-Wellhausen TG.<br \/>\n<\/span><span style=\"font-size: 12pt;\"><span style=\"color: #800080; font-family: 'times new roman', times, serif;\"><strong>Samstag 24. Oktober 2026<\/strong><\/span><br \/>\n<span style=\"font-family: 'times new roman', times, serif;\"><strong>&#8211;<\/strong> 10:00 Uhr &#8211; <strong>FASSDUUBELI<\/strong> &#8211; bis zum Mittagessen auf der Terrasse im Feldheim Reiden, Feldheimstr. 1, 6260 Reiden.<br \/>\n&#8211; 19:30 Uhr &#8211; <span style=\"color: #000000;\"><strong>EX TEMPO<\/strong><\/span> &#8211; T\u00fcr\u00f6ffnung 18:45 Uhr, <\/span><\/span><span style=\"font-family: 'times new roman', times, serif;\"><span style=\"font-size: 12pt;\">Nach 36 Jahren \u00abGroovin&#8216; und Movin&#8217;\u00bb freuen wir uns auf unser Abschiedskonzert in der Alten Kaserne in Winterthur. Konzert <strong><span style=\"color: #008000;\">AUSVERKAUFT<\/span><\/strong>.<\/span><\/span><span style=\"font-family: 'times new roman', times, serif;\"><span style=\"font-size: 12pt;\"><br \/>\n<span style=\"color: #800080;\"><strong>Sonntag 01. November 2026<\/strong><\/span><br \/>\n15:00 Uhr &#8211; <strong>CARIBA<\/strong> + <strong>STAHLCH\u00c4FER<\/strong> &#8211; Mehrzweckhalle in 5453 Remetschwil\/AG, T\u00fcr\u00f6ffnung um 14:30 Uhr, Eintritt frei, Kollekte, <span style=\"color: #0000ff;\"><a style=\"color: #0000ff;\" href=\"https:\/\/www.steelband.ch\/wordpress\/wp-content\/uploads\/2026\/08\/spnBildKonz.1.8.pdf\">Flyer.<\/a><\/span><br \/>\n<span style=\"color: #800080;\"><strong>Sonntag 08. November 2026<\/strong><\/span><br \/>\n15:00 &#8211; <strong>CARIBA<\/strong> + <strong>STAHLCH\u00c4FER<\/strong> &#8211; Speerhalle in 8872 Wesen\/SG, T\u00fcr\u00f6ffnung um 14:30 Uhr &#8211; 14:30 Uhr, Eintritt frei, Kollekte, <span style=\"color: #0000ff;\"><a style=\"color: #0000ff;\" href=\"https:\/\/www.steelband.ch\/wordpress\/wp-content\/uploads\/2026\/08\/spnBildKonz.1.8.pdf\">Flyer.<\/a><\/span><br \/>\n<\/span><span style=\"font-size: 12pt;\"><span style=\"color: #800080;\"><strong>Samstag 14. November 2026<\/strong><\/span><br \/>\n<\/span><\/span><span style=\"font-size: 12pt; font-family: 'times new roman', times, serif;\">19:30 Uhr &#8211; <strong>FASSDUUBELI<\/strong> &#8211; 45 Jahre Jubil\u00e4umskonzert in der Pflugfabrik Ersigen, Burgdorfstr. 12, 4323 Ersigen\/BE, mit Gasttruppe Pflanzpl\u00e4tz, T\u00fcr\u00f6ffnung um 18:00 Uhr, Food &amp; Bar, Konzert Tickets bei: <span style=\"color: #0000ff;\"><a style=\"color: #0000ff;\" href=\"http:\/\/www.eventfrog.ch\">www.eventfrog.ch<\/a><\/span>,\u00a0<span style=\"color: #0000ff;\"><a style=\"color: #0000ff;\" href=\"http:\/\/www.pflugfabrik.ch\">www.pflugfabrik.ch<\/a><\/span>, <span style=\"color: #0000ff;\"><a style=\"color: #0000ff;\" href=\"http:\/\/www.fassduubeli.ch\">www.fassduubeli.ch<\/a><span style=\"color: #000000;\">.<br \/>\n<span style=\"color: #800080;\"><strong>Freitag 27. November 2026<\/strong><\/span><br \/>\n20:00-21:30 Uhr &#8211; <strong>BARREL DRUMMERS <\/strong>&#8211; am Weihnachtsmarkt im Heirisaal, 6331 H\u00fcnenberg\/ZG.<br \/>\n<span style=\"color: #800080;\"><strong>Sonntag 07. Februar 2027<\/strong><\/span><br \/>\n16:00-18:30 Uhr &#8211; <strong>BARREL DRUMMERS<\/strong> &#8211; Familiengottesdienst in der Katholischen Kirche, Neuwiesensr. 19, 8610 Uster\/ZH.<\/span><\/span><\/span><span style=\"font-size: 12pt; font-family: 'times new roman', times, serif;\">\u00a0<\/span><br \/>\n<b style=\"font-size: 12pt;\">&#8211; &#8211; &#8211; &#8211; &#8211; &#8211; &#8211; &#8211; &#8211; &#8211; &#8211; &#8211; &#8211; &#8211; &#8211; &#8211; &#8211;<br \/>\n<\/b><strong style=\"font-size: 12pt; color: #000000;\"><em><span style=\"font-size: 14pt;\">Welche Steelband hat wann wo gespielt?<br \/>\n<\/span><\/em><\/strong><strong style=\"font-size: 12pt; color: #000000;\"><em><span style=\"font-size: 14pt;\"><span style=\"font-family: times new roman, times, serif; font-size: 12pt;\"><span style=\"color: #000000;\"><strong><span style=\"font-size: 12pt;\"><span style=\"color: #800080; font-family: 'times new roman', times, serif;\"><span style=\"color: #000000;\">Samstag 29. August 2026<br \/>\n<\/span><\/span><\/span><\/strong><\/span><\/span><\/span><\/em><\/strong><em><span style=\"font-size: 14pt;\"><span style=\"font-family: times new roman, times, serif; font-size: 12pt;\"><span style=\"color: #000000;\"><span style=\"font-size: 12pt;\"><span style=\"color: #800080; font-family: 'times new roman', times, serif;\"><span style=\"color: #000000;\">ca. 12:00 Uhr &#8211;<\/span><\/span><\/span><\/span><\/span><\/span><\/em><strong style=\"font-size: 12pt; color: #000000;\"><em><span style=\"font-size: 14pt;\"><span style=\"font-family: times new roman, times, serif; font-size: 12pt;\"><span style=\"color: #000000;\"><strong><span style=\"font-size: 12pt;\"><span style=\"color: #800080; font-family: 'times new roman', times, serif;\"><span style=\"color: #000000;\">ABRACADABRA<\/span><\/span><\/span><\/strong><\/span><\/span><\/span><\/em><\/strong><em><span style=\"font-size: 14pt;\"><span style=\"font-family: times new roman, times, serif; font-size: 12pt;\"><span style=\"color: #000000;\"><span style=\"font-size: 12pt;\"><span style=\"color: #800080; font-family: 'times new roman', times, serif;\"><span style=\"color: #000000;\">&#8211; am Dorffest in 8112 Otelfingen\/ZH.<br \/>\n<\/span><\/span><\/span><\/span><\/span><\/span><\/em><strong style=\"font-size: 12pt; color: #000000;\"><em><span style=\"font-size: 14pt;\"><span style=\"font-family: times new roman, times, serif; font-size: 12pt;\"><span style=\"color: #000000;\"><strong><span style=\"font-size: 12pt;\"><span style=\"color: #800080; font-family: 'times new roman', times, serif;\"><span style=\"color: #000000;\">Sonntag 23. August 2026<\/span><br \/>\n<\/span><\/span><\/strong><\/span><\/span><\/span><\/em><\/strong><em><span style=\"font-size: 14pt;\"><span style=\"font-family: times new roman, times, serif; font-size: 12pt;\"><span style=\"color: #000000;\"><span style=\"font-size: 12pt;\"><span style=\"color: #800080; font-family: 'times new roman', times, serif;\"><span style=\"color: #000000;\">&#8211; 10:00 Uhr &#8211;<\/span><\/span><\/span><\/span><\/span><\/span><\/em><strong style=\"font-size: 12pt; color: #000000;\"><em><span style=\"font-size: 14pt;\"><span style=\"font-family: times new roman, times, serif; font-size: 12pt;\"><span style=\"color: #000000;\"><strong><span style=\"font-size: 12pt;\"><span style=\"color: #800080; font-family: 'times new roman', times, serif;\"><span style=\"color: #000000;\"> FASSDUUBELI <\/span><\/span><\/span><\/strong><\/span><\/span><\/span><\/em><\/strong><em><span style=\"font-size: 14pt;\"><span style=\"font-family: times new roman, times, serif; font-size: 12pt;\"><span style=\"color: #000000;\"><span style=\"font-size: 12pt;\"><span style=\"color: #800080; font-family: 'times new roman', times, serif;\"><span style=\"color: #000000;\">&#8211; am Burezmorge beim Waldhaus Hochwacht 17D in 4919 Reisiswil\/BE.<\/span><\/span><\/span><\/span><\/span><\/span><\/em><strong style=\"font-size: 12pt; color: #000000;\"><em><span style=\"font-size: 14pt;\"><span style=\"font-family: times new roman, times, serif; font-size: 12pt;\"><span style=\"color: #000000;\"><strong><span style=\"font-size: 12pt;\"><span style=\"color: #800080; font-family: 'times new roman', times, serif;\"><br \/>\n<\/span><\/span><\/strong><\/span><\/span><\/span><\/em><\/strong><em><span style=\"font-size: 14pt;\"><span style=\"font-family: times new roman, times, serif; font-size: 12pt;\"><span style=\"color: #000000;\"><span style=\"font-size: 12pt;\"><span style=\"font-family: 'times new roman', times, serif;\">&#8211; ca. 15:00 Uhr &#8211; <\/span><\/span><\/span><\/span><\/span><\/em><strong style=\"font-size: 12pt; color: #000000;\"><em><span style=\"font-size: 14pt;\"><span style=\"font-family: times new roman, times, serif; font-size: 12pt;\"><span style=\"color: #000000;\"><strong><span style=\"font-size: 12pt;\"><span style=\"font-family: 'times new roman', times, serif;\">FASSDUUBELI<\/span><\/span><\/strong><\/span><\/span><\/span><\/em><\/strong><em><span style=\"font-size: 14pt;\"><span style=\"font-family: times new roman, times, serif; font-size: 12pt;\"><span style=\"color: #000000;\"><span style=\"font-size: 12pt;\"><span style=\"font-family: 'times new roman', times, serif;\"> &#8211; an der Finissage Ausstellung, Kunst am Schlossberg,\u00a0 Dorfstr. 63 in 4917 Melchnau\/BE.<br \/>\n<\/span><\/span><\/span><\/span><\/span><\/em><strong style=\"font-size: 12pt; color: #000000;\"><em><span style=\"font-size: 14pt;\"><span style=\"font-family: times new roman, times, serif; font-size: 12pt;\"><span style=\"color: #000000;\"><strong>Freitag 14. August 2026<br \/>\n<\/strong><\/span><\/span><\/span><\/em><\/strong><em><span style=\"font-size: 14pt;\"><span style=\"font-family: times new roman, times, serif; font-size: 12pt;\"><span style=\"color: #000000;\">ca. 18:00+20:15 Uhr &#8211;<\/span><\/span><\/span><\/em><strong style=\"font-size: 12pt; color: #000000;\"><em><span style=\"font-size: 14pt;\"><span style=\"font-family: times new roman, times, serif; font-size: 12pt;\"><span style=\"color: #000000;\"><strong>FASSDUUBELI<\/strong><\/span><\/span><\/span><\/em><\/strong><em><span style=\"font-size: 14pt;\"><span style=\"font-family: times new roman, times, serif; font-size: 12pt;\"><span style=\"color: #000000;\">&#8211; 2 Sets \u00e0 30 Minuten, am <\/span><\/span><\/span><\/em><em><span style=\"font-size: 14pt;\"><span style=\"font-family: times new roman, times, serif; font-size: 12pt;\"><span style=\"color: #000000;\">Wuhrplatzfest in 4900 Langenthal\/BE.<\/span><\/span><\/span><\/em><strong style=\"font-size: 12pt; color: #000000;\"><em><span style=\"font-size: 14pt;\"><span style=\"font-family: times new roman, times, serif; font-size: 12pt;\"><span style=\"color: #000000;\"><strong><br \/>\nMittwoch 12. August 2026<br \/>\n<\/strong><\/span><\/span><\/span><\/em><\/strong><em><span style=\"font-size: 14pt;\"><span style=\"font-family: times new roman, times, serif; font-size: 12pt;\"><span style=\"color: #000000;\">19:00 Uhr &#8211; <\/span><\/span><\/span><\/em><strong style=\"font-size: 12pt; color: #000000;\"><em><span style=\"font-size: 14pt;\"><span style=\"font-family: times new roman, times, serif; font-size: 12pt;\"><span style=\"color: #000000;\"><strong>HIGH 5<\/strong><\/span><\/span><\/span><\/em><\/strong><em><span style=\"font-size: 14pt;\"><span style=\"font-family: times new roman, times, serif; font-size: 12pt;\"><span style=\"color: #000000;\"> &#8211; <\/span><\/span><\/span><\/em><em><span style=\"font-size: 14pt;\"><span style=\"font-family: times new roman, times, serif; font-size: 12pt;\"><span style=\"color: #000000;\">mit Junior Edwards &#8211; <\/span><\/span><\/span><\/em><em><span style=\"font-size: 14pt;\"><span style=\"font-family: times new roman, times, serif; font-size: 12pt;\"><span style=\"color: #000000;\">nur bei sch\u00f6nem Wetter<\/span><\/span><\/span><\/em><em><span style=\"font-size: 14pt;\"><span style=\"font-family: times new roman, times, serif; font-size: 12pt;\"><span style=\"color: #000000;\"> &#8211; beim Kiosk vom Restaurant <\/span><\/span><\/span><\/em><em><span style=\"font-size: 14pt;\"><span style=\"font-family: times new roman, times, serif; font-size: 12pt;\"><span style=\"color: #000000;\">Gr\u00fcnwald, Regensdorferstr. 237, 8049 Z\u00fcrich-H\u00f6ngg.<\/span><\/span><\/span><\/em><strong style=\"font-size: 12pt; color: #000000;\"><em><span style=\"font-size: 14pt;\"><span style=\"font-family: times new roman, times, serif; font-size: 12pt;\"><span style=\"color: #000000;\"><strong><br \/>\nSamstag 08. August 2026<br \/>\n<\/strong><\/span><\/span><\/span><\/em><\/strong><em><span style=\"font-size: 14pt;\"><span style=\"font-family: times new roman, times, serif; font-size: 12pt;\"><span style=\"color: #000000;\">13:00-15:00 Uhr <\/span><\/span><\/span><\/em><strong style=\"font-size: 12pt; color: #000000;\"><em><span style=\"font-size: 14pt;\"><span style=\"font-family: times new roman, times, serif; font-size: 12pt;\"><span style=\"color: #000000;\"><strong>\u2013 EXTEMPO \u2013 <\/strong><\/span><\/span><\/span><\/em><\/strong><em><span style=\"font-size: 14pt;\"><span style=\"font-family: times new roman, times, serif; font-size: 12pt;\"><span style=\"color: #000000;\">nur bei sch\u00f6nem Wetter<\/span><\/span><\/span><\/em><em><span style=\"font-size: 14pt;\"><span style=\"font-family: times new roman, times, serif; font-size: 12pt;\"><span style=\"color: #000000;\"> \u2013 Grabenplatz, Oberer Graben, 8400 <\/span><\/span><\/span><\/em><em><span style=\"font-size: 14pt;\"><span style=\"font-family: times new roman, times, serif; font-size: 12pt;\"><span style=\"color: #000000;\">Winterthur\/ZH.<\/span><\/span><\/span><\/em><strong style=\"font-size: 12pt; color: #000000;\"><em><span style=\"font-size: 14pt;\"><span style=\"font-family: times new roman, times, serif; font-size: 12pt;\"><span style=\"color: #000000;\"><strong><br \/>\nSamstag 01. August 2026<\/strong><\/span><br \/>\n<\/span><\/span><\/em><\/strong><em><span style=\"font-size: 14pt;\"><span style=\"font-family: times new roman, times, serif; font-size: 12pt;\">18:00 Uhr &#8211; <\/span><\/span><\/em><strong style=\"font-size: 12pt; color: #000000;\"><em><span style=\"font-size: 14pt;\"><span style=\"font-family: times new roman, times, serif; font-size: 12pt;\"><strong>LIPSTICKS<\/strong><\/span><\/span><\/em><\/strong><em><span style=\"font-size: 14pt;\"><span style=\"font-family: times new roman, times, serif; font-size: 12pt;\">&#8211; 1. Augustfeier auf dem Sternenplatz in 5610 Wohlen\/AG.<\/span><\/span><\/em><strong style=\"font-size: 12pt; color: #000000;\"><em><span style=\"font-size: 14pt;\"><br \/>\n<\/span><\/em><\/strong><em><span style=\"font-size: 14pt;\"><span style=\"font-size: 12pt;\"><span style=\"font-family: times new roman, times, serif;\"><strong><span style=\"font-family: 'times new roman', times, serif; font-size: 12pt;\"><span style=\"font-family: 'times new roman', times, serif; font-size: 12pt; color: #000000;\">Dienstag 28. Juli 2026<\/span><span style=\"color: #800080;\"><span style=\"color: #000000;\"><br \/>\n<\/span><\/span><\/span><\/strong><span style=\"font-family: 'times new roman', times, serif; font-size: 12pt;\"><span style=\"color: #800080;\"><span style=\"color: #000000;\"><span style=\"font-family: times new roman, times, serif; font-size: 12pt;\">20:00-21:00 Uhr &#8211; <\/span><\/span><\/span><\/span><strong><span style=\"font-family: 'times new roman', times, serif; font-size: 12pt;\"><span style=\"color: #800080;\"><span style=\"color: #000000;\"><span style=\"font-family: times new roman, times, serif; font-size: 12pt;\">STEELBAND LYSS<\/span><\/span><\/span><\/span><\/strong><span style=\"font-family: 'times new roman', times, serif; font-size: 12pt;\"><span style=\"color: #800080;\"><span style=\"color: #000000;\"><span style=\"font-family: times new roman, times, serif; font-size: 12pt;\"> &#8211; Evolon Movie Night, Openair Kino, Parkschwimmbad<\/span><\/span><\/span><\/span><strong><span style=\"font-family: 'times new roman', times, serif; font-size: 12pt;\"><span style=\"color: #800080;\"><span style=\"color: #000000;\"><span style=\"font-family: times new roman, times, serif; font-size: 12pt;\"> Areal <\/span><\/span><\/span><\/span><\/strong><span style=\"font-family: 'times new roman', times, serif; font-size: 12pt;\"><span style=\"color: #800080;\"><span style=\"color: #000000;\"><span style=\"font-family: times new roman, times, serif; font-size: 12pt;\">in 3250 Lyss\/BE<\/span><\/span><\/span><\/span><strong><span style=\"font-family: 'times new roman', times, serif; font-size: 12pt;\"><span style=\"color: #800080;\"><span style=\"color: #000000;\"><span style=\"font-family: times new roman, times, serif; font-size: 12pt;\"><br \/>\n<\/span>Samstag 25. Juli 2026<\/span><br \/>\n<\/span><\/span><\/strong><span style=\"font-family: 'times new roman', times, serif; font-size: 12pt;\"><span style=\"color: #800080;\">&#8211; <\/span><\/span><span style=\"font-family: 'times new roman', times, serif; font-size: 12pt;\"><span style=\"color: #800080;\"><span style=\"color: #000000;\">16:00 Uhr &#8211; <strong>CARIBA<\/strong> &#8211; im Kurhotel, 5116 Schinznach-Bad\/AG.<\/span><\/span><\/span><strong><span style=\"font-family: 'times new roman', times, serif; font-size: 12pt;\"><span style=\"color: #800080;\"><br \/>\n<\/span><\/span><\/strong><span style=\"font-family: 'times new roman', times, serif; font-size: 12pt;\"><span style=\"color: #800080;\"><span style=\"color: #000000;\">&#8211; 18:00 Uhr<\/span><\/span><\/span><span style=\"font-family: 'times new roman', times, serif; font-size: 12pt;\"><span style=\"color: #800080;\"><span style=\"color: #000000;\"> &#8211;<\/span><\/span><\/span><strong><span style=\"font-family: 'times new roman', times, serif; font-size: 12pt;\"><span style=\"color: #800080;\"><span style=\"color: #000000;\"> ABRACADABRA, OUT OF THE BLUE <\/span><\/span><\/span><\/strong><span style=\"font-family: 'times new roman', times, serif; font-size: 12pt;\"><span style=\"color: #800080;\"><span style=\"color: #000000;\">und<\/span><\/span><\/span><strong><span style=\"font-family: 'times new roman', times, serif; font-size: 12pt;\"><span style=\"color: #800080;\"><span style=\"color: #000000;\"> PAN IN MOTION <\/span><\/span><\/span><\/strong><span style=\"font-family: 'times new roman', times, serif; font-size: 12pt;\"><span style=\"color: #800080;\"><span style=\"color: #000000;\">spielen am Steelbandfestival in<\/span><\/span><\/span><span style=\"font-family: 'times new roman', times, serif; font-size: 12pt;\"><span style=\"color: #800080;\"><span style=\"color: #000000;\"> 1588 Cudrefin\/VD am<\/span><\/span><\/span><span style=\"font-family: 'times new roman', times, serif; font-size: 12pt;\"><span style=\"color: #800080;\"><span style=\"color: #000000;\"> Neuenburgersee. Eintritt CHF 5.00. T\u00fcr\u00f6ffnung, Bar &amp; Restaurants um 17:00 Uhr. Details unter:<\/span><\/span><\/span><strong><span style=\"font-family: 'times new roman', times, serif; font-size: 12pt;\"><span style=\"color: #800080;\"><span style=\"color: #000000;\"> <span style=\"color: #0000ff;\"><a style=\"color: #0000ff;\" href=\"http:\/\/www.steelbandfestivalcudrefin.ch\">www.steelbandfestivalcudrefin.ch<\/a><\/span>.<br \/>\n<\/span><\/span><\/span>Freitag 17. Juli 2026<br \/>\n<\/strong>19:30-21:30 Uhr &#8211;<strong>APPLESTEEL<\/strong>&#8211; nur bei sch\u00f6nem Wetter &#8211; Sommerkonzert im Paracelsuspark beim Kloster in 8840 Einsiedeln\/SZ<strong><br \/>\nDonnerstag 09. Juli 2026<br \/>\n<\/strong>15:00-16:30 Uhr &#8211; <strong>BARREL DRUMMERS<\/strong> &#8211; Karibischer Nachmittag im Seniorenzentrum Wiesengrund, W\u00fclflingerstr. 7, 8400 Winterthur\/ZH.<strong><br \/>\nMittwoch 08. Juli 2026<br \/>\n<\/strong>19:00 Uhr &#8211; <strong>HIGH 5<\/strong> mit Junior Edward &#8211; nur bei sch\u00f6nem Wetter &#8211; beim Kiosk vom Restaurant Gr\u00fcnwald, Regensdorferstr. 237, 8049 Z\u00fcrich-H\u00f6ngg.\u00a0<strong><br \/>\nDienstag 07. Juli 2026<br \/>\n<\/strong>18:30-20:00 Uhr &#8211; <strong>BARREL DRUMMERS<\/strong> &#8211; Serenade im Gemeinschaftszentrum Dorflinde, Dorflindenstr. 4, 8050 Z\u00fcrich-Oerlikon.<strong><br \/>\n<\/strong><strong>Sonntag 05. Juli 2026<br \/>\n<\/strong>10:00-13:30 Uhr &#8211; <strong>STEELBAND LYSS<\/strong> &#8211; Hafenapero am Bootshafen in 2576 L\u00fcscherz\/BE am Bielersee.<strong><br \/>\nSamstag 04. Juli 2026<br \/>\n<\/strong>19:30 Uhr &#8211; <strong>CARIBA<\/strong> &#8211; Restaurant Schwamedinge, Schwammendingerplatz 2, 8051 Z\u00fcrich.<strong><br \/>\nMittwoch 01. Juli 2026<br \/>\n<\/strong>18:00-19:00 Uhr &#8211; <strong>BARREL DRUMMERS<\/strong> &#8211; Karibischer Nachmittag im Tertianum Neuhegi, Ohrb\u00fchlstrasse 65, 8409 Winterthur\/ZH.<strong><br \/>\nSamstag 20. Juni 2026<br \/>\n<\/strong>12:30-13:30 &#8211; <strong>STEELBAND LYSS<\/strong> &#8211; Pflegeheim Elfenau, Elfenauweg 68, 3006 Bern.<br \/>\n<strong>Mittwoch 17. Juni 2026<br \/>\n<\/strong>19:00 Uhr &#8211; <strong>HIGH 5<\/strong> mit Junior Edwards &#8211; nur bei sch\u00f6nem Wetter &#8211; beim Kiosk vom Restaurant Gr\u00fcnwald, Regensdorferstr. 237, 8049 Z\u00fcrich-H\u00f6ngg.Samstag 13. Juni 2026<strong><br \/>\n<\/strong>FASSDUUBELI am Sommerfest Lindenhof, Ringstr. 25, 4900 Langenthal\/BE.<strong><br \/>\nDienstag 09. Juni 2026<br \/>\n<\/strong>19:30-21:30 &#8211; <strong>BARREL DRUMMERS<\/strong> &#8211; nur bei sch\u00f6nem Wetter &#8211; Serenade im kronengarten, Restaurant Krone, Schlossstr. 4, 8606 Greifensee\/ZH.<strong><br \/>\nSamstag 30. Mai 2026<br \/>\n<\/strong>13:50-15:30 Uhr &#8211; <strong>BARREL DRUMMERS<\/strong> &#8211; Zeughausareal, Berchtoldstrasse 10, 8610 Uster\/ZH.<strong><br \/>\nSamstag 09. Mai 2026<\/strong><\/span><br \/>\n<span style=\"font-family: times new roman, times, serif;\">14:30-16:00 Uhr &#8211; <strong>BARREL DRUMMERS<\/strong> &#8211;\u00a0Muttertagskonzert auf der St. Ursentreppe, Kronenplatz,4500 Solothurn.<\/span><br \/>\n<\/span><\/span><\/em><span style=\"font-family: times new roman, times, serif;\"><strong><em><span style=\"font-size: 14pt;\"><span style=\"font-size: 12pt;\">Samstag 02. Mai 2026<\/span><\/span><\/em><\/strong><em><span style=\"font-size: 14pt;\"><br \/>\n<\/span><\/em><em><span style=\"font-size: 14pt;\"><span style=\"font-size: 12pt;\">18:00-22:00 Uhr &#8211; Wir <strong>COCOLOCO<\/strong> l\u00f6sen unsere Band sang- aber nicht klanglos im Restaurant Sternen in 3036 Detligen\/BE auf.<br \/>\n<\/span><\/span><\/em><\/span><strong style=\"font-size: 12pt; color: #000000;\"><span style=\"font-size: 12pt; font-family: times new roman, times, serif;\"><em><b><span style=\"color: #800080;\"><span style=\"color: #000000;\"><strong>Samstag 11. April 2026<\/strong><\/span><\/span><\/b><b><span style=\"color: #800080;\"><span style=\"color: #000000;\"><br \/>\n<\/span><\/span><\/b><\/em><\/span><\/strong><span style=\"font-size: 14pt; font-family: times new roman, times, serif;\"><span style=\"color: #800080;\"><span style=\"color: #000000;\"><span style=\"font-size: 12pt;\"><span style=\"font-size: 12pt;\">ab 17:00 Uhr &#8211; Steelbandkonzerte zu Ehren von Tamla Batra, im Restaurant Neub\u00fchl, Alte Zugerstr. 26, 8820 W\u00e4denswil\/ZH.<\/span>\u00a0<\/span><\/span><\/span><\/span><strong style=\"font-size: 12pt; color: #000000;\"><em><span style=\"font-size: 14pt;\"><b style=\"font-size: 12pt;\"><span style=\"color: #800080;\"><span style=\"color: #000000;\"><br \/>\n<span style=\"font-family: times new roman, times, serif;\">Mittwoch, 17. Dezember 2025<\/span><\/span><br \/>\n<\/span><\/b><\/span><\/em><\/strong><span style=\"font-family: times new roman, times, serif;\"><span style=\"font-size: 12pt;\"><em>14:30-15:30 Uhr &#8211; <\/em><strong><em>PANCHOS<\/em><\/strong><em> &#8211; Ref. Kirche Oetwil, 8618 Oetwil am See\/ZH.<\/em><\/span><strong style=\"font-size: 12pt; color: #000000;\"><em><span style=\"font-size: 14pt;\"><br \/>\n<span style=\"font-size: 12pt;\"><span style=\"color: #000000;\"><strong>Freitag 28. November 2025<\/strong><\/span><br \/>\n<\/span><\/span><\/em><\/strong><em><span style=\"font-size: 14pt;\"><span style=\"font-size: 12pt;\">19:30 Uhr &#8211; <span style=\"color: #000000;\"><strong>STEELBAND BURGDORF<\/strong><\/span> &#8211; feiert in der Aula Gsteighof in 3400 Burgdorf\/BE ihr 35-j\u00e4hriges Bestehen.<\/span><\/span><\/em><strong style=\"font-size: 12pt; color: #000000;\"><em><span style=\"font-size: 14pt;\"><br \/>\n<\/span><\/em><\/strong><span style=\"color: #000000;\"><strong><em><span style=\"font-size: 14pt;\"><span style=\"font-size: 12pt;\">Mittwoch 19. November\u00a0 2025<\/span><\/span><\/em><\/strong><\/span><strong style=\"font-size: 12pt; color: #000000;\"><em><span style=\"font-size: 14pt;\"><span style=\"font-size: 12pt;\"><strong><br \/>\n<\/strong><\/span><\/span><\/em><\/strong><em><span style=\"font-size: 14pt;\"><span style=\"font-size: 12pt;\">15:00\u201316:00 Uhr &#8211; <strong>BARREL DRUMMERS<\/strong> \u2013 Karibiknachmittag SZ, Alpsteinstr. 14, 7570 Weinfelden\/TG.<\/span><\/span><\/em><strong style=\"font-size: 12pt; color: #000000;\"><em><span style=\"font-size: 14pt;\"><br \/>\n<span style=\"font-size: 12pt;\"><span style=\"color: #000000;\"><strong>Sonntag 16. November 2025<\/strong><\/span><br \/>\n<\/span><\/span><\/em><\/strong><em><span style=\"font-size: 14pt;\"><span style=\"font-size: 12pt;\">11:15-12:00 Uhr &#8211; <span style=\"color: #000000;\"><strong>LIPSTICKS<\/strong><\/span> &#8211; in der Mehrzweckhalle Dorf in\u00a0 Vilmergen, am Jubil\u00e4umskonzert 50 Jahre Blaskapelle Rietenberg.<\/span><\/span><\/em><\/span><strong style=\"font-size: 12pt; color: #000000;\"><em><span style=\"font-size: 14pt;\"><br \/>\n<\/span><\/em><\/strong><span style=\"font-family: 'times new roman', times, serif;\"><span style=\"color: #000000;\"><strong><em><span style=\"font-size: 14pt;\"><span style=\"font-size: 12pt;\">Freitag\/Samstag 14.+15. November 2025<\/span><\/span><\/em><\/strong><\/span><strong style=\"font-size: 12pt; color: #000000;\"><em><span style=\"font-size: 14pt;\"><b><br \/>\n<\/b><\/span><\/em><\/strong><em><span style=\"font-size: 14pt;\"><span style=\"font-size: 12pt;\">jeweils 19:30 Uhr &#8211; Steelband Lyss &#8211; Karibikabend mit dem Motto &#171;unFASSbar sportlich&#187; &#8211; im Seelandhotel Weisses Kreuz &#8211; Marktplatz 15, 3250 Lyss\/BE.<\/span><\/span><\/em><\/span><strong style=\"font-size: 12pt; color: #000000;\"><em><span style=\"font-size: 14pt;\"><br \/>\n<span style=\"font-size: 12pt; font-family: 'times new roman', times, serif;\"><strong><span style=\"color: #000000;\">Sonntag 09. November 2025<\/span><br \/>\n<\/strong><\/span><\/span><\/em><\/strong><span style=\"font-family: 'times new roman', times, serif;\"><em><span style=\"font-size: 14pt;\"><span style=\"font-size: 12pt;\">10:00\u201311:00 Uhr &#8211; <\/span><\/span><\/em><em><span style=\"font-size: 14pt;\"><span style=\"font-size: 12pt;\"><strong>BARREL DRUMMERS<\/strong> \u2013 Karibischer Gottesdienst in der ref. Kirche,\u00a0 <\/span><\/span><\/em><em><span style=\"font-size: 14pt;\"><span style=\"font-size: 12pt;\">Zentralstrasse 1, 8604 Volketswil\/ZH.<\/span><\/span><\/em><\/span><strong style=\"font-size: 12pt; color: #000000;\"><em><span style=\"font-size: 14pt;\"><br \/>\n<span style=\"font-size: 12pt; font-family: 'times new roman', times, serif;\"><strong><span style=\"color: #800080;\"><span style=\"color: #000000;\">Samstag 01. November<\/span><br \/>\n<\/span><\/strong><\/span><\/span><\/em><\/strong><span style=\"font-family: 'times new roman', times, serif;\"><em><span style=\"font-size: 14pt;\"><span style=\"font-size: 12pt;\"><span style=\"color: #000000;\">19:00-20:00 Uhr &#8211; <strong>SANDFL\u00d6\u00d6<\/strong> &#8211; bei der reformierten Kirche in Z\u00fcrich-H\u00f6ngg anl\u00e4sslich des R\u00e4beli\u00e4chtli-Umzugs.\u00a0<\/span><\/span><\/span><\/em><\/span><strong style=\"font-size: 12pt; color: #000000;\"><em><span style=\"font-size: 14pt;\"><br \/>\n<span style=\"font-family: 'times new roman', times, serif;\"><strong style=\"color: #800080; font-size: 12pt;\"><span style=\"color: #000000;\">Sonntag 26. Oktober 2025<\/span><br \/>\n<\/strong><\/span><\/span><\/em><\/strong><span style=\"font-family: 'times new roman', times, serif;\"><em><span style=\"font-size: 14pt;\"><span style=\"font-size: 12pt;\">12:00-13:00 Uhr &#8211; <\/span><\/span><\/em><strong style=\"font-size: 12pt; color: #000000;\"><em><span style=\"font-size: 14pt;\"><strong style=\"font-size: 12pt;\">STEELBAND LYSS<\/strong><span style=\"font-size: 12pt;\"> &#8211; <\/span><\/span><\/em><\/strong><em><span style=\"font-size: 14pt;\"><span style=\"font-size: 12pt;\">an der Tr\u00fcelete in 2513 Twann\/BE.<\/span><\/span><\/em><strong style=\"font-size: 12pt; color: #000000;\"><em><span style=\"font-size: 14pt;\"><br \/>\n<strong style=\"color: #800080; font-size: 12pt;\"><span style=\"color: #000000;\">Mittwoch 22. Oktober 2025<\/span><br \/>\n<\/strong><\/span><\/em><\/strong><em><span style=\"font-size: 14pt;\"><span style=\"font-size: 12pt;\">14:00-15:30 Uhr &#8211; <\/span><\/span><\/em><strong style=\"font-size: 12pt; color: #000000;\"><em><span style=\"font-size: 14pt;\"><strong style=\"font-size: 12pt;\">ABRACADABRA<\/strong><span style=\"font-size: 12pt;\"> &#8211; <\/span><\/span><\/em><\/strong><em><span style=\"font-size: 14pt;\"><span style=\"font-size: 12pt;\">am Senioren-Nachmittag im Bucksaal,<\/span><\/span><\/em><em><span style=\"font-size: 14pt;\"><span style=\"font-size: 12pt;\"> Falkenstr. 1, 8317 TagelswangenZH.<\/span><\/span><\/em><\/span><strong style=\"font-size: 12pt; color: #000000;\"><em><span style=\"font-size: 14pt;\"><br \/>\n<span style=\"font-size: 12pt; font-family: 'times new roman', times, serif;\"><strong><span style=\"color: #000000;\">Samstag 20. September 2025<\/span><br \/>\n<\/strong><\/span><\/span><\/em><\/strong><span style=\"font-family: 'times new roman', times, serif;\"><em><span style=\"font-size: 14pt;\"><span style=\"font-size: 12pt;\">10:00\u201312:00 Uhr &#8211;<\/span><\/span><\/em><strong style=\"font-size: 12pt; color: #000000;\"><em><span style=\"font-size: 14pt;\"><span style=\"font-size: 12pt;\"><strong>BARREL DRUMMERS<\/strong><\/span><\/span><\/em><\/strong><em><span style=\"font-size: 14pt;\"><span style=\"font-size: 12pt;\">\u2013 am Greifenseelauf, Dorfstrasse, 8606 <\/span><\/span><\/em><em><span style=\"font-size: 14pt;\"><span style=\"font-size: 12pt;\">Greifensee\/ZH.<\/span><\/span><\/em><strong style=\"font-size: 12pt; color: #000000;\"><em><span style=\"font-size: 14pt;\"><br \/>\n<b style=\"font-size: 12pt;\"><span style=\"color: #800080;\"><span style=\"color: #000000;\">Mittwoch 17. September 2025<\/span><br \/>\n<\/span><\/b><\/span><\/em><\/strong><em><span style=\"font-size: 14pt;\"><span style=\"font-size: 12pt;\">15:00 &#8211; 17:30 Uhr &#8211; <\/span><\/span><\/em><strong style=\"font-size: 12pt; color: #000000;\"><em><span style=\"font-size: 14pt;\"><b style=\"font-size: 12pt;\">PANCHOS<\/b><span style=\"font-size: 12pt;\"> &#8211; <\/span><\/span><\/em><\/strong><em><span style=\"font-size: 14pt;\"><span style=\"color: #000000; font-size: 12pt;\">nur bei trockenem Wetter<\/span><\/span><\/em><em><span style=\"font-size: 14pt;\"><span style=\"font-size: 12pt;\"> &#8211; Altersheim Langr\u00fcti, 8840 Einsiedeln\/SZ.<\/span><\/span><\/em><strong style=\"font-size: 12pt; color: #000000;\"><em><span style=\"font-size: 14pt;\"><br \/>\n<strong style=\"color: #800080; font-size: 12pt;\"><span style=\"color: #000000;\">Sonntag 07. September 2025<\/span><br \/>\n<\/strong><\/span><\/em><\/strong><em><span style=\"font-size: 14pt;\"><span style=\"font-size: 12pt; color: #000000;\">15:00 Uhr<\/span><\/span><\/em><em><span style=\"font-size: 14pt;\"><span style=\"font-size: 12pt; color: #000000;\"> &#8211; <strong>ABRACADABRA<\/strong><\/span><span style=\"font-size: 12pt;\"> &#8211; <\/span><span style=\"font-size: 12pt;\"><span style=\"color: #000000;\">am Chilbim\u00e4\u00e4rt Muur in 8124 Maur\/ZH am <\/span><\/span><\/span><\/em><em><span style=\"font-size: 14pt;\"><span style=\"font-size: 12pt;\"><span style=\"color: #000000;\">Greifensee.<\/span><\/span><\/span><\/em><\/span><strong style=\"font-size: 12pt; color: #000000;\"><em><span style=\"font-size: 14pt;\"><br \/>\n<span style=\"font-family: 'times new roman', times, serif;\"><strong style=\"color: #800080; font-size: 12pt;\"><span style=\"color: #000000;\">Samstag 06. September 2025<\/span><br \/>\n<\/strong><span style=\"font-size: 12pt;\"><strong>&#8211;<\/strong><\/span><\/span><\/span><\/em><\/strong><span style=\"font-family: 'times new roman', times, serif;\"><em><span style=\"font-size: 14pt;\"><span style=\"font-size: 12pt;\"> 11:00 Uhr &#8211; <\/span><\/span><\/em><strong><em><span style=\"font-size: 14pt;\">LIPSTICKS<\/span><\/em><\/strong><em><span style=\"font-size: 14pt;\"><span style=\"font-size: 12pt;\"> &#8211; im Pflegeheim Haus Eigenamt, Flachsacherstr. 2, 5242 Lupfig\/AG.<br \/>\n&#8211; 18:00 Uhr &#8211; <strong>OUTTA D\u2019 BLUE<\/strong> &#8211; &#171;Soca Lime\u201c in Zug auf dem Vorplatz. Industriestr. 45, 6300 Zug.<\/span><\/span><\/em><\/span><strong style=\"font-size: 12pt; color: #000000;\"><em><span style=\"font-size: 14pt;\"><br \/>\n<span style=\"font-family: 'times new roman', times, serif;\"><strong style=\"color: #800080; font-size: 12pt;\"><span style=\"color: #000000;\">Freitag 29. August 2025<br \/>\n<\/span><\/strong><\/span><\/span><\/em><\/strong><span style=\"font-family: 'times new roman', times, serif;\"><em><span style=\"font-size: 14pt;\"><span style=\"font-size: 12pt;\">Ab 18 Uhr<\/span><\/span><\/em><strong style=\"font-size: 12pt; color: #000000;\"><em><span style=\"font-size: 14pt;\"><span style=\"font-size: 12pt;\"> &#8211; <\/span><strong style=\"font-size: 12pt;\">ABRACADABRA \u2013<\/strong><\/span><\/em><\/strong><em><span style=\"font-size: 14pt;\"><span style=\"font-size: 12pt;\"> an der Sommerbar, Schulanlage M\u00fchli,<\/span><\/span><\/em><strong style=\"font-size: 12pt; color: #000000;\"><em><span style=\"font-size: 14pt;\"><span style=\"font-size: 12pt;\"> 9548\u00a0 <\/span><\/span><\/em><\/strong><em><span style=\"font-size: 14pt;\"><span style=\"font-size: 12pt;\">Matzingen\/TG.<\/span><\/span><\/em><strong style=\"font-size: 12pt; color: #000000;\"><em><span style=\"font-size: 14pt;\"><br \/>\n<span style=\"font-size: 12pt;\"><strong style=\"color: #800080;\"><span style=\"color: #000000;\"><strong>Samstag 23. August 2025<\/strong><\/span><br \/>\n<\/strong><\/span><\/span><\/em><\/strong><em><span style=\"font-size: 14pt;\"><span style=\"font-size: 12pt;\"><span style=\"color: #000000;\">1<\/span><\/span><\/span><\/em><em><span style=\"font-size: 14pt;\"><span style=\"font-size: 12pt;\"><span style=\"color: #000000;\">8:30-20:30 und 21:00 Uhr<\/span><\/span><\/span><\/em><strong style=\"font-size: 12pt; color: #000000;\"><em><span style=\"font-size: 14pt;\"><span style=\"font-size: 12pt;\"><span style=\"color: #000000;\"> &#8211; <\/span><strong><span style=\"color: #000000;\">STEELBAND LYSS<\/span><\/strong><span style=\"color: #000000;\"> &#8211; <\/span><\/span><\/span><\/em><\/strong><em><span style=\"font-size: 14pt;\"><span style=\"font-size: 12pt;\"><span style=\"color: #000000;\">am Dorffest auf dem Dorfplatz in 2608 Courtelary\/BE.<\/span><\/span><\/span><\/em><strong style=\"font-size: 12pt; color: #000000;\"><em><span style=\"font-size: 14pt;\"><br \/>\n<strong style=\"color: #800080; font-size: 12pt;\"><span style=\"font-size: 12pt;\"><span style=\"color: #000000;\"><strong>Freitag 22. August 2025<\/strong><\/span><br \/>\n<\/span><\/strong><\/span><\/em><\/strong><em><span style=\"font-size: 14pt;\"><span style=\"font-size: 12pt;\"><span style=\"color: #000000;\">21:45-22:45 Uhr<\/span><\/span><\/span><\/em><strong style=\"font-size: 12pt; color: #000000;\"><em><span style=\"font-size: 14pt;\"><strong style=\"color: #800080; font-size: 12pt;\"><span style=\"font-size: 12pt;\"> &#8211;<span style=\"color: #000000;\"><strong> STEELBAND LYSS<\/strong><\/span> &#8211;\u00a0 <\/span><\/strong><\/span><\/em><\/strong><em><span style=\"font-size: 14pt;\"><span style=\"font-size: 12pt; color: #000000;\">Lyss On Stage, Marktplatz,\u00a0 3250 Lyss\/BE.<\/span><\/span><\/em><\/span><strong style=\"font-size: 12pt; color: #000000;\"><em><span style=\"font-size: 14pt;\"><span style=\"font-size: 12pt; color: #000000;\"><br \/>\n<\/span><\/span><\/em><\/strong><span style=\"font-family: 'times new roman', times, serif;\"><strong style=\"color: #800080; font-size: 12pt;\"><strong><span style=\"font-size: 12pt;\"><span style=\"color: #000000;\"><em>Sonntag 17. August 2025<br \/>\n<\/em><\/span><\/span><\/strong><\/strong><em><span style=\"font-size: 12pt;\"><span style=\"color: #000000;\">13:00\u201316:00 Uhr<\/span><\/span><strong style=\"color: #800080; font-size: 12pt;\"><span style=\"font-size: 12pt;\"> &#8211; <\/span><strong style=\"font-size: 12pt;\"><span style=\"color: #000000;\">ABRACADABRA<\/span> \u2013<\/strong><\/strong><\/em><span style=\"font-size: 12pt; color: #000000;\"><em> Open Air Konzert auf Schloss Wellenberg, Felben-Wellhausen.<\/em><br \/>\n<\/span><strong style=\"font-size: 12pt; color: #000000;\"><em><span style=\"font-size: 14pt;\"><span style=\"font-size: 12pt;\"><strong style=\"color: #800080;\"><strong style=\"color: #800080; font-size: 12pt;\"><span style=\"font-size: 12pt; color: #000000;\"><b style=\"font-size: 12pt;\"><strong style=\"font-size: 12pt;\"><span style=\"font-size: 12pt;\"><strong>Dienstag, 12. August 2025<\/strong><\/span><\/strong><\/b><\/span><span style=\"color: #000000;\"><span style=\"color: #800080;\"><span style=\"color: #000000;\"><span style=\"color: #000000; font-size: 12pt;\"><b style=\"font-size: 12pt;\"><strong style=\"font-size: 12pt;\"><span style=\"font-size: 12pt; color: #800080;\"><strong><br \/>\n<\/strong><\/span><\/strong><\/b><\/span><\/span><\/span><\/span><\/strong><\/strong><\/span><\/span><\/em><\/strong><em><span style=\"font-size: 14pt;\"><span style=\"font-size: 12pt;\"><span style=\"color: #000000;\"><span style=\"color: #800080;\"><span style=\"color: #000000;\"><span style=\"color: #000000; font-size: 12pt;\">18.00 Uhr<\/span><\/span><\/span><\/span><\/span><\/span><\/em><strong style=\"font-size: 12pt; color: #000000;\"><em><span style=\"font-size: 14pt;\"><span style=\"font-size: 12pt;\"><strong style=\"color: #800080;\"><strong style=\"color: #800080; font-size: 12pt;\"><span style=\"color: #000000;\"><span style=\"color: #800080;\"><span style=\"color: #000000;\"><span style=\"color: #000000; font-size: 12pt;\"><b style=\"font-size: 12pt;\"><strong style=\"font-size: 12pt;\"> &#8211; LOS ZAPALLOS &#8211; <\/strong><\/b><\/span><\/span><\/span><\/span><\/strong><\/strong><\/span><\/span><\/em><\/strong><em><span style=\"font-size: 14pt;\"><span style=\"font-size: 12pt;\"><span style=\"color: #000000;\"><span style=\"color: #800080;\"><span style=\"color: #000000;\"><span style=\"color: #000000; font-size: 12pt;\">am Basler Rheinschwimmen, Rheinufer<\/span><\/span><\/span><\/span><\/span><\/span><\/em><strong style=\"font-size: 12pt; color: #000000;\"><em><span style=\"font-size: 14pt;\"><span style=\"font-size: 12pt;\"><strong style=\"color: #800080;\"><strong style=\"color: #800080; font-size: 12pt;\"><span style=\"color: #000000;\"><span style=\"color: #800080;\"><span style=\"color: #000000;\"><span style=\"color: #000000; font-size: 12pt;\"><b style=\"font-size: 12pt;\"><strong style=\"font-size: 12pt;\"> unter <\/strong><\/b><\/span><\/span><\/span><\/span><\/strong><\/strong><\/span><\/span><\/em><\/strong><em><span style=\"font-size: 14pt;\"><span style=\"font-size: 12pt;\"><span style=\"color: #000000;\"><span style=\"color: #800080;\"><span style=\"color: #000000;\"><span style=\"color: #000000; font-size: 12pt;\">der Johanniterbr\u00fccke in Basel.<br \/>\n<\/span><\/span><\/span><\/span><\/span><\/span><\/em><strong style=\"font-size: 12pt; color: #000000;\"><em><span style=\"font-size: 14pt;\"><span style=\"font-size: 12pt;\"><strong style=\"color: #800080;\"><strong style=\"color: #800080; font-size: 12pt;\"><span style=\"color: #000000;\"><span style=\"color: #800080;\"><span style=\"color: #000000;\"><span style=\"color: #000000; font-size: 12pt;\"><b style=\"font-size: 12pt;\"><strong style=\"font-size: 12pt;\">Dienstag 29. Juli 2025<br \/>\n<\/strong><\/b><\/span><\/span><\/span><\/span><\/strong><\/strong><\/span><\/span><\/em><\/strong><em><span style=\"font-size: 14pt;\"><span style=\"font-size: 12pt;\"><span style=\"color: #000000;\"><span style=\"color: #800080;\"><span style=\"color: #000000;\"><span style=\"color: #000000; font-size: 12pt;\">20:00-21:15 Uhr <\/span><\/span><\/span><\/span><\/span><\/span><\/em><em><span style=\"font-size: 14pt;\"><span style=\"font-size: 12pt;\"><span style=\"color: #000000;\"><span style=\"color: #800080;\"><span style=\"color: #000000;\"><span style=\"color: #000000; font-size: 12pt;\">&#8211; <\/span><\/span><\/span><\/span><\/span><\/span><\/em><strong style=\"font-size: 12pt; color: #000000;\"><em><span style=\"font-size: 14pt;\"><span style=\"font-size: 12pt;\"><strong style=\"color: #800080;\"><strong style=\"color: #800080; font-size: 12pt;\"><span style=\"color: #000000;\"><span style=\"color: #800080;\"><span style=\"color: #000000;\"><span style=\"color: #000000; font-size: 12pt;\"><b style=\"font-size: 12pt;\"><strong style=\"font-size: 12pt;\">STEELBAND LYSS &#8211; <\/strong><\/b><\/span><\/span><\/span><\/span><\/strong><\/strong><\/span><\/span><\/em><\/strong><em><span style=\"font-size: 14pt;\"><span style=\"font-size: 12pt;\"><span style=\"color: #000000;\"><span style=\"color: #800080;\"><span style=\"color: #000000;\"><span style=\"color: #000000; font-size: 12pt;\">Openair Cinehappening, Lyss<\/span><\/span><\/span><\/span><\/span><\/span><\/em><em><span style=\"font-size: 14pt;\"><span style=\"font-size: 12pt;\"><span style=\"color: #000000;\"><span style=\"color: #800080;\"><span style=\"color: #000000;\"><span style=\"color: #000000; font-size: 12pt;\"> Parkschwimmbad,<\/span><\/span><\/span><\/span><\/span><\/span><\/em><\/span><em><span style=\"font-size: 14pt;\"><span style=\"font-size: 12pt;\"><span style=\"color: #000000;\"><span style=\"color: #800080;\"><span style=\"color: #000000;\"><span style=\"color: #000000; font-size: 12pt;\"><span style=\"font-family: 'times new roman', times, serif;\"> 3250 Lyss\/BE<\/span>.<br \/>\n<\/span><\/span><\/span><\/span><\/span><\/span><\/em><span style=\"font-family: 'times new roman', times, serif;\"><strong style=\"font-size: 12pt; color: #000000;\"><em><span style=\"font-size: 14pt;\"><span style=\"font-size: 12pt;\"><strong style=\"color: #800080;\"><strong style=\"color: #800080; font-size: 12pt;\"><span style=\"color: #000000;\"><span style=\"color: #800080;\"><span style=\"color: #000000;\"><span style=\"color: #000000; font-size: 12pt;\"><b style=\"font-size: 12pt;\"><strong style=\"font-size: 12pt;\">Samstag 19. Juli 2025<br \/>\n<\/strong><\/b><\/span><\/span><\/span><\/span><\/strong><\/strong><\/span><\/span><\/em><\/strong><em><span style=\"font-size: 14pt;\"><span style=\"font-size: 12pt;\"><span style=\"color: #000000;\"><span style=\"color: #800080;\"><span style=\"color: #000000;\"><span style=\"color: #000000; font-size: 12pt;\">17:00 &#8211; 02:00 Uhr<strong style=\"font-size: 12pt;\"> &#8211; <\/strong><\/span><\/span><\/span><\/span><\/span><\/span><\/em><em><span style=\"font-size: 14pt;\"><span style=\"font-size: 12pt;\"><span style=\"color: #000000;\"><span style=\"color: #800080;\"><span style=\"color: #000000;\"><span style=\"color: #000000; font-size: 12pt;\">Steelbandfestival in Cudrefin\/VD<\/span><\/span><\/span><\/span><\/span><\/span><\/em><em><span style=\"font-size: 14pt;\"><span style=\"font-size: 12pt;\"><span style=\"color: #000000;\"><span style=\"color: #800080;\"><span style=\"color: #000000;\"><span style=\"color: #000000; font-size: 12pt;\"> am Neuenburgersee,<\/span><\/span><\/span><\/span><\/span><\/span><\/em><strong style=\"font-size: 12pt; color: #000000;\"><em><span style=\"font-size: 14pt;\"><span style=\"font-size: 12pt;\"><strong style=\"color: #800080;\"><strong style=\"color: #800080; font-size: 12pt;\"><span style=\"color: #000000;\"><span style=\"color: #800080;\"><span style=\"color: #000000;\"><span style=\"color: #000000; font-size: 12pt;\"><b style=\"font-size: 12pt;\"> mit <strong style=\"font-size: 12pt;\"><strong>EXTEMPO <\/strong><\/strong><\/b><\/span><\/span><\/span><\/span><\/strong><\/strong><\/span><\/span><\/em><\/strong><em><span style=\"font-size: 14pt;\"><span style=\"font-size: 12pt;\"><span style=\"color: #000000;\"><span style=\"color: #800080;\"><span style=\"color: #000000;\"><span style=\"color: #000000; font-size: 12pt;\">(CH) &#8211; <\/span><\/span><\/span><\/span><\/span><\/span><\/em><strong style=\"font-size: 12pt; color: #000000;\"><em><span style=\"font-size: 14pt;\"><span style=\"font-size: 12pt;\"><strong style=\"color: #800080;\"><strong style=\"color: #800080; font-size: 12pt;\"><span style=\"color: #000000;\"><span style=\"color: #800080;\"><span style=\"color: #000000;\"><span style=\"color: #000000; font-size: 12pt;\"><b style=\"font-size: 12pt;\"><strong style=\"font-size: 12pt;\"><strong>STEELBAND LYSS <\/strong><\/strong><\/b><\/span><\/span><\/span><\/span><\/strong><\/strong><\/span><\/span><\/em><\/strong><em><span style=\"font-size: 14pt;\"><span style=\"font-size: 12pt;\"><span style=\"color: #000000;\"><span style=\"color: #800080;\"><span style=\"color: #000000;\"><span style=\"color: #000000; font-size: 12pt;\">(CH) <\/span><\/span><\/span><\/span><\/span><\/span><\/em><strong style=\"font-size: 12pt; color: #000000;\"><em><span style=\"font-size: 14pt;\"><span style=\"font-size: 12pt;\"><strong style=\"color: #800080;\"><strong style=\"color: #800080; font-size: 12pt;\"><span style=\"color: #000000;\"><span style=\"color: #800080;\"><span style=\"color: #000000;\"><span style=\"color: #000000; font-size: 12pt;\"><b style=\"font-size: 12pt;\"><strong style=\"font-size: 12pt;\"><strong>&#8211; <\/strong><\/strong><\/b><\/span><\/span><\/span><\/span><\/strong><\/strong><\/span><\/span><\/em><\/strong><em><span style=\"font-size: 14pt;\"><span style=\"font-size: 12pt;\"><span style=\"color: #000000;\"><span style=\"color: #800080;\"><span style=\"color: #000000;\"><span style=\"color: #000000; font-size: 12pt;\">OUT OF THE BLUE<\/span><\/span><\/span><\/span><\/span><\/span><\/em><strong style=\"font-size: 12pt; color: #000000;\"><em><span style=\"font-size: 14pt;\"><span style=\"font-size: 12pt;\"><strong style=\"color: #800080;\"><strong style=\"color: #800080; font-size: 12pt;\"><span style=\"color: #000000;\"><span style=\"color: #800080;\"><span style=\"color: #000000;\"><span style=\"color: #000000; font-size: 12pt;\"><b style=\"font-size: 12pt;\"><strong style=\"font-size: 12pt;\"><strong> (CH) <\/strong><\/strong><\/b><\/span><\/span><\/span><\/span><\/strong><\/strong><\/span><\/span><\/em><\/strong><em><span style=\"font-size: 14pt;\"><span style=\"font-size: 12pt;\"><span style=\"color: #000000;\"><span style=\"color: #800080;\"><span style=\"color: #000000;\"><span style=\"color: #000000; font-size: 12pt;\">und<\/span><\/span><\/span><\/span><\/span><\/span><\/em><em><span style=\"font-size: 14pt;\"><span style=\"font-size: 12pt;\"><span style=\"color: #000000;\"><span style=\"color: #800080;\"><span style=\"color: #000000;\"><span style=\"color: #000000; font-size: 12pt;\"><strong> STEELPAN IN MOTION<\/strong>, <\/span><\/span><\/span><\/span><\/span><\/span><\/em><strong style=\"font-size: 12pt; color: #000000;\"><em><span style=\"font-size: 14pt;\"><span style=\"font-size: 12pt;\"><strong style=\"color: #800080;\"><strong style=\"color: #800080; font-size: 12pt;\"><span style=\"color: #000000;\"><span style=\"color: #800080;\"><span style=\"color: #000000;\"><span style=\"color: #000000; font-size: 12pt;\"><b style=\"font-size: 12pt;\"><span style=\"color: #0000ff;\"><br \/>\n<\/span>Donnerstag 17. Juli 202<\/b><strong style=\"font-size: 12pt;\">5<br \/>\n<\/strong><\/span><\/span><\/span><\/span><\/strong><\/strong><\/span><\/span><\/em><\/strong><em><span style=\"font-size: 14pt;\"><span style=\"font-size: 12pt;\"><span style=\"color: #000000;\"><span style=\"color: #800080;\"><span style=\"color: #000000;\"><span style=\"color: #000000; font-size: 12pt;\">ab 19:00 Uhr &#8211;<\/span><\/span><\/span><\/span><\/span><\/span><\/em><strong style=\"font-size: 12pt; color: #000000;\"><em><span style=\"font-size: 14pt;\"><span style=\"font-size: 12pt;\"><strong style=\"color: #800080;\"><strong style=\"color: #800080; font-size: 12pt;\"><span style=\"color: #000000;\"><span style=\"color: #800080;\"><span style=\"color: #000000;\"><span style=\"color: #000000; font-size: 12pt;\"><strong style=\"font-size: 12pt;\">PANCHOS &#8211; <\/strong><\/span><\/span><\/span><\/span><\/strong><\/strong><\/span><\/span><\/em><\/strong><em><span style=\"font-size: 14pt;\"><span style=\"font-size: 12pt;\"><span style=\"color: #000000;\"><span style=\"color: #800080;\"><span style=\"color: #000000;\"><span style=\"color: #000000; font-size: 12pt;\"><span style=\"color: #000000;\">nur bei trockenem Wetter<\/span> &#8211; <\/span><\/span><\/span><\/span><\/span><\/span><\/em><em><span style=\"font-size: 14pt;\"><span style=\"font-size: 12pt;\"><span style=\"color: #000000;\"><span style=\"color: #800080;\"><span style=\"color: #000000;\"><span style=\"color: #000000; font-size: 12pt;\">Seebeizli Lago Mio, 8872<\/span><\/span><\/span><\/span><\/span><\/span><\/em><em><span style=\"font-size: 14pt;\"><span style=\"font-size: 12pt;\"><span style=\"color: #000000;\"><span style=\"color: #800080;\"><span style=\"color: #000000;\"><span style=\"color: #000000; font-size: 12pt;\"> Weesen.<\/span><\/span><\/span><\/span><\/span><\/span><\/em><\/span><strong style=\"font-size: 12pt; color: #000000;\"><em><span style=\"font-size: 14pt;\"><span style=\"font-size: 12pt;\"><strong style=\"color: #800080;\"><strong style=\"color: #800080; font-size: 12pt;\"><span style=\"color: #000000;\"><span style=\"color: #800080;\"><span style=\"color: #000000;\"><span style=\"color: #000000; font-size: 12pt;\"><br \/>\n<span style=\"font-family: 'times new roman', times, serif;\">Dienstag 15. Juli 2025<\/span><br \/>\n<\/span><\/span><\/span><\/span><\/strong><\/strong><\/span><\/span><\/em><\/strong><span style=\"font-family: 'times new roman', times, serif;\"><em><span style=\"font-size: 14pt;\"><span style=\"font-size: 12pt;\"><span style=\"color: #000000;\"><span style=\"color: #800080;\"><span style=\"color: #000000;\"><span style=\"color: #000000; font-size: 12pt;\">19:30-21:00 Uhr<\/span><\/span><\/span><\/span><\/span><\/span><\/em><strong style=\"font-size: 12pt; color: #000000;\"><em><span style=\"font-size: 14pt;\"><span style=\"font-size: 12pt;\"><strong style=\"color: #800080;\"><strong style=\"color: #800080; font-size: 12pt;\"><span style=\"color: #000000;\"><span style=\"color: #800080;\"><span style=\"color: #000000;\"><span style=\"color: #000000; font-size: 12pt;\"> &#8211; BARREL DRUMMERS &#8211; <\/span><\/span><\/span><\/span><\/strong><\/strong><\/span><\/span><\/em><\/strong><em><span style=\"font-size: 14pt;\"><span style=\"font-size: 12pt;\"><span style=\"color: #000000;\"><span style=\"color: #800080;\"><span style=\"color: #000000;\"><span style=\"color: #000000; font-size: 12pt;\">S<\/span><\/span><\/span><\/span><\/span><\/span><\/em><em><span style=\"font-size: 14pt;\"><span style=\"font-size: 12pt;\"><span style=\"color: #000000;\"><span style=\"color: #800080;\"><span style=\"color: #000000;\"><span style=\"color: #000000; font-size: 12pt;\">erenade im Kronengarten, Schlossstr. 4,<\/span><\/span><\/span><\/span><\/span><\/span><\/em><strong style=\"font-size: 12pt; color: #000000;\"><em><span style=\"font-size: 14pt;\"><span style=\"font-size: 12pt;\"><strong style=\"color: #800080;\"><strong style=\"color: #800080; font-size: 12pt;\"><span style=\"color: #000000;\"><span style=\"color: #800080;\"><span style=\"color: #000000;\"><span style=\"color: #000000; font-size: 12pt;\"> 8606 <\/span><\/span><\/span><\/span><\/strong><\/strong><\/span><\/span><\/em><\/strong><em><span style=\"font-size: 14pt;\"><span style=\"font-size: 12pt;\"><span style=\"color: #000000;\"><span style=\"color: #800080;\"><span style=\"color: #000000;\"><span style=\"color: #000000; font-size: 12pt;\">Greifensee\/ZH.<\/span><\/span><\/span><\/span><\/span><\/span><\/em><strong style=\"font-size: 12pt; color: #000000;\"><em><span style=\"font-size: 14pt;\"><span style=\"font-size: 12pt;\"><strong style=\"color: #800080;\"><strong style=\"color: #800080; font-size: 12pt;\"><span style=\"color: #000000;\"><span style=\"color: #800080;\"><span style=\"color: #000000;\"><span style=\"color: #000000; font-size: 12pt;\"><br \/>\nFreitag 11. Juli 2025<br \/>\n<\/span><\/span><\/span><\/span><\/strong><\/strong><\/span><\/span><\/em><\/strong><em><span style=\"font-size: 14pt;\"><span style=\"font-size: 12pt;\"><span style=\"color: #000000;\"><span style=\"color: #800080;\"><span style=\"color: #000000;\"><span style=\"color: #000000; font-size: 12pt;\">18:30-20:00 Uhr<\/span><\/span><\/span><\/span><\/span><\/span><\/em><strong style=\"font-size: 12pt; color: #000000;\"><em><span style=\"font-size: 14pt;\"><span style=\"font-size: 12pt;\"><strong style=\"color: #800080;\"><strong style=\"color: #800080; font-size: 12pt;\"><span style=\"color: #000000;\"><span style=\"color: #800080;\"><span style=\"color: #000000;\"><span style=\"color: #000000; font-size: 12pt;\"> &#8211; <\/span>BARREL DRUMMERS \u2013 <\/span><\/span><\/span><\/strong><\/strong><\/span><\/span><\/em><\/strong><em><span style=\"font-size: 14pt;\"><span style=\"font-size: 12pt;\"><span style=\"color: #000000;\"><span style=\"color: #800080;\"><span style=\"color: #000000;\"><span style=\"color: #000000; font-size: 12pt;\">Cocktailbar Dorflinde, Dorflindenstr. 4,<\/span><\/span><\/span><\/span><\/span><\/span><\/em><em><span style=\"font-size: 14pt;\"><span style=\"font-size: 12pt;\"><span style=\"color: #000000;\"><span style=\"color: #800080;\"><span style=\"color: #000000;\"><span style=\"color: #000000; font-size: 12pt;\"> 8050 <\/span><\/span><\/span><\/span><\/span><\/span><\/em><em><span style=\"font-size: 14pt;\"><span style=\"font-size: 12pt;\"><span style=\"color: #000000;\"><span style=\"color: #800080;\"><span style=\"color: #000000;\"><span style=\"color: #000000; font-size: 12pt;\">Z\u00fcrich-Oerlikon.<\/span><\/span><\/span><\/span><\/span><\/span><\/em><\/span><strong style=\"font-size: 12pt; color: #000000;\"><em><span style=\"font-size: 14pt;\"><span style=\"font-size: 12pt;\"><strong style=\"color: #800080;\"><strong style=\"color: #800080; font-size: 12pt;\"><span style=\"color: #000000;\"><span style=\"color: #800080;\"><span style=\"color: #000000;\"><span style=\"color: #000000; font-size: 12pt;\"><br \/>\n<\/span><span style=\"font-family: 'times new roman', times, serif;\">Donnerstag 10. Juli 2025<\/span><\/span><br \/>\n<\/span><\/span><\/strong><\/strong><\/span><\/span><\/em><\/strong><span style=\"font-family: 'times new roman', times, serif;\"><em><span style=\"font-size: 14pt;\"><span style=\"font-size: 12pt;\"><span style=\"color: #000000;\"><span style=\"color: #800080;\"><span style=\"color: #000000; font-size: 12pt;\">15:00-16:00 Uhr <\/span><\/span><\/span><\/span><\/span><\/em><strong style=\"font-size: 12pt; color: #000000;\"><em><span style=\"font-size: 14pt;\"><span style=\"font-size: 12pt;\"><strong style=\"color: #800080;\"><strong style=\"color: #800080; font-size: 12pt;\"><span style=\"color: #000000;\"><span style=\"color: #800080;\">\u2013<\/span> BARREL DRUMMERS <span style=\"color: #800080;\">\u2013 <\/span><\/span><\/strong><\/strong><\/span><\/span><\/em><\/strong><em><span style=\"font-size: 14pt;\"><span style=\"font-size: 12pt;\"><span style=\"color: #000000;\"><span style=\"color: #800080;\"><span style=\"color: #333333; font-size: 17px; font-weight: 400;\">K<\/span><\/span><\/span><\/span><\/span><\/em><em><span style=\"font-size: 14pt;\"><span style=\"font-size: 12pt;\"><span style=\"color: #000000;\"><span style=\"color: #800080;\"><span style=\"color: #000000; font-size: 12pt;\">aribik im SZ Wiesengrund, W\u00fclflingerstr. 7, 8400 Winterthur\/ZH.<\/span><\/span><\/span><\/span><\/span><\/em><strong style=\"font-size: 12pt; color: #000000;\"><em><span style=\"font-size: 14pt;\"><span style=\"font-size: 12pt;\"><strong style=\"color: #800080;\"><strong style=\"color: #800080; font-size: 12pt;\"><span style=\"color: #000000;\"><span style=\"color: #800080;\"><span style=\"color: #000000; font-size: 12pt;\"><br \/>\n<\/span><\/span>Sonntag 06. Juli 2025<\/span><br \/>\n<\/strong><\/strong><\/span><\/span><\/em><\/strong><em><span style=\"font-size: 14pt;\"><span style=\"font-size: 12pt;\"><span style=\"color: #000000;\">11:00-13:30 &#8211;<\/span><\/span><\/span><\/em><strong style=\"font-size: 12pt; color: #000000;\"><em><span style=\"font-size: 14pt;\"><span style=\"font-size: 12pt;\"><span style=\"color: #000000;\"><strong>STEELBAND LYSS<\/strong><\/span><\/span><\/span><\/em><\/strong><em><span style=\"font-size: 14pt;\"><span style=\"font-size: 12pt;\"><span style=\"color: #000000;\">&#8211; Hafenapero, Hafen, 2576 L\u00fcscherz\/BE<\/span><\/span><\/span><\/em><strong style=\"font-size: 12pt; color: #000000;\"><em><span style=\"font-size: 14pt;\"><span style=\"font-size: 12pt;\"><strong style=\"color: #800080;\"><strong style=\"color: #800080; font-size: 12pt;\">.<\/strong><\/strong><\/span><br \/>\n<span style=\"font-size: 12pt;\"><strong style=\"color: #800080;\"><span style=\"color: #000000;\">Samstag 05. Juli 2025<\/span><br \/>\n<\/strong><\/span><\/span><\/em><\/strong><em><span style=\"font-size: 14pt;\"><span style=\"font-size: 12pt;\"><span style=\"color: #000000;\">19:30-22:00 Uhr<\/span><\/span><\/span><\/em><em><span style=\"font-size: 14pt;\"><span style=\"font-size: 12pt;\"><span style=\"color: #000000;\"> &#8211; <\/span><\/span><\/span><\/em><strong style=\"font-size: 12pt; color: #000000;\"><em><span style=\"font-size: 14pt;\"><span style=\"font-size: 12pt;\"><strong style=\"color: #800080;\"><span style=\"color: #000000;\"><b class=\"\" style=\"font-size: 12pt;\">CARIBA <\/b><\/span><span style=\"color: #000000;\">&#8211; <\/span><\/strong><\/span><\/span><\/em><\/strong><em><span style=\"font-size: 14pt;\"><span style=\"font-size: 12pt;\"><span style=\"color: #000000;\">im Rest. Schwamedinge, Schwamendingerplatz 2, 8051 Z\u00fcrich.<\/span><\/span><\/span><\/em><\/span><span style=\"font-size: 12pt;\"><br \/>\n<\/span><em style=\"color: #000000; font-family: verdana, geneva, sans-serif; font-size: 14pt;\"><span style=\"font-size: 12pt;\">&#8211; &#8211; &#8211; &#8211; &#8211; fin<\/span><\/em><\/p>\n<div class=\"elementToProof\">\n<div class=\"elementToProof\">\n<div class=\"elementToProof\"><\/div>\n<\/div>\n<div class=\"elementToProof\">\n<div class=\"elementToProof\">\n<p>&nbsp;<\/p>\n<\/div>\n<\/div>\n<\/div>\n<p>&nbsp;<\/p>\n<p>&nbsp;<\/p>\n<p>&nbsp;<\/p>\n","protected":false},"excerpt":{"rendered":"<p>Aktualisiert am 30. August 2026 Samstag 05. September 2026 15:00 Uhr &#8211; OUTTA D`BLUES &#8211; am SocaFestival, Industriestrasse 45, 6300 Zug. Eintritt Kollekte, Anschliessend Party und Konzerte im Innenbereich des Kulturhauses. Tickets und Info: www.soca-festival.ch Sonntag 06. September 2026 15:00-16:00 Uhr &#8211; ABRACADABRA &#8211; am Chilbim\u00e4rt in 8124 Maur\/ZH. Sonntag 13. September 2026 13:00-1:30 Uhr &hellip; <a href=\"https:\/\/www.steelband.ch\/?page_id=18\" class=\"more-link\">Continue reading <span class=\"screen-reader-text\">Steelbandkonzerte Schweiz<\/span><\/a><\/p>\n","protected":false},"author":1,"featured_media":745,"parent":0,"menu_order":1,"comment_status":"closed","ping_status":"closed","template":"","meta":{"footnotes":"","_links_to":"","_links_to_target":""},"class_list":["post-18","page","type-page","status-publish","has-post-thumbnail","hentry"],"_links":{"self":[{"href":"https:\/\/www.steelband.ch\/index.php?rest_route=\/wp\/v2\/pages\/18","targetHints":{"allow":["GET"]}}],"collection":[{"href":"https:\/\/www.steelband.ch\/index.php?rest_route=\/wp\/v2\/pages"}],"about":[{"href":"https:\/\/www.steelband.ch\/index.php?rest_route=\/wp\/v2\/types\/page"}],"author":[{"embeddable":true,"href":"https:\/\/www.steelband.ch\/index.php?rest_route=\/wp\/v2\/users\/1"}],"replies":[{"embeddable":true,"href":"https:\/\/www.steelband.ch\/index.php?rest_route=%2Fwp%2Fv2%2Fcomments&post=18"}],"version-history":[{"count":1371,"href":"https:\/\/www.steelband.ch\/index.php?rest_route=\/wp\/v2\/pages\/18\/revisions"}],"predecessor-version":[{"id":6801,"href":"https:\/\/www.steelband.ch\/index.php?rest_route=\/wp\/v2\/pages\/18\/revisions\/6801"}],"wp:featuredmedia":[{"embeddable":true,"href":"https:\/\/www.steelband.ch\/index.php?rest_route=\/wp\/v2\/media\/745"}],"wp:attachment":[{"href":"https:\/\/www.steelband.ch\/index.php?rest_route=%2Fwp%2Fv2%2Fmedia&parent=18"}],"curies":[{"name":"wp","href":"https:\/\/api.w.org\/{rel}","templated":true}]}}